{"id":2,"date":"2023-04-18T20:56:04","date_gmt":"2023-04-18T20:56:04","guid":{"rendered":"http:\/\/noueixample.cat\/?page_id=2"},"modified":"2023-04-18T20:56:05","modified_gmt":"2023-04-18T20:56:05","slug":"sample-page","status":"publish","type":"page","link":"https:\/\/noueixample.cat\/index.php\/sample-page\/","title":{"rendered":"Inici"},"content":{"rendered":"\n<p><\/p>\n\n\n\n<p>L\u2019Eix Comercial Nou Eixample neix de la uni\u00f3 de diferents associacions de comerciants i professionals, que treballen per impulsar el comer\u00e7 al nostre barri, amb l\u2019objectiu de dinamitzar i promocionar l\u2019activitat comercial. Tots els comer\u00e7os que formen part de l\u2019Eix Comercial, ofereixen una oferta comercial atractiva, a part de l\u2019experi\u00e8ncia i la seva professionalitat. Des de l\u2019Eix Comercial col\u00b7laborem amb altres entitats per tal de posicionar el comer\u00e7, interactuant amb la vida del barri. T\u2019animem a con\u00e8ixer i formar part del teixit comercial actiu.<\/p>\n\n\n\n<p><\/p>\n\n\n\n<p><\/p>\n\n\n<div class=\"wp-block-image\">\n<figure class=\"aligncenter size-large\"><img loading=\"lazy\" decoding=\"async\" width=\"1024\" height=\"129\" src=\"https:\/\/noueixample.cat\/wp-content\/uploads\/2023\/04\/botigues-a-la-ciutat-1024x129.jpg\" alt=\"\" class=\"wp-image-676\" srcset=\"https:\/\/noueixample.cat\/wp-content\/uploads\/2023\/04\/botigues-a-la-ciutat-1024x129.jpg 1024w, https:\/\/noueixample.cat\/wp-content\/uploads\/2023\/04\/botigues-a-la-ciutat-300x38.jpg 300w, https:\/\/noueixample.cat\/wp-content\/uploads\/2023\/04\/botigues-a-la-ciutat-768x97.jpg 768w, https:\/\/noueixample.cat\/wp-content\/uploads\/2023\/04\/botigues-a-la-ciutat-1536x193.jpg 1536w, https:\/\/noueixample.cat\/wp-content\/uploads\/2023\/04\/botigues-a-la-ciutat-600x76.jpg 600w, https:\/\/noueixample.cat\/wp-content\/uploads\/2023\/04\/botigues-a-la-ciutat-280x35.jpg 280w, https:\/\/noueixample.cat\/wp-content\/uploads\/2023\/04\/botigues-a-la-ciutat.jpg 1589w\" sizes=\"auto, (max-width: 767px) 89vw, (max-width: 1000px) 54vw, (max-width: 1071px) 543px, 580px\" \/><\/figure>\n<\/div>\n\n\n<p><\/p>\n\n\n\n<p><strong>Un espai comercial potent i obert al barri<\/strong>. Des de Nou Eixample donem suport al comer\u00e7 local.<\/p>\n\n\n\n<p>Ubicat a l\u2019esquerra de l\u2019Eixample, aquest eix comercial compta amb un pulm\u00f3 natural que s\u00f3n els Jardins Montserrat, zona l\u00fadica i de reuni\u00f3 dels ve\u00efns del barri, una \u00e0mplia avinguda que travessa el barri de l\u2019est a l\u2019oest, l\u2019Avinguda de Roma, una altra avinguda que travessa el barri de nord a sud, l\u2019Avinguda Josep Tarradellas i un gran parc on passejar i gaudir de la natura, el Parc Joan Mir\u00f3.<\/p>\n\n\n\n<p>Tot el teixit comercial associatiu, els comer\u00e7os, restauraci\u00f3 i serveis que formen part de l\u2019eix comercial, ofereixen una oferta comercial atractiva, a part de la seva experi\u00e8ncia i professionalitat. Comprant al comer\u00e7 i mercat de l\u2019Esquerra de l\u2019Eixample, fas cr\u00e8ixer el barri.<\/p>\n\n\n\n<p>Des de l\u2019Eix Comercial donem a con\u00e8ixer el comer\u00e7, interactuant amb la vida del barri. El nostre \u00e0mbit de treball comporta: accions de dinamitzaci\u00f3 i promoci\u00f3 comercial, organitzaci\u00f3 de fires de comer\u00e7 i rutes per les botigues del barri, rutes gastron\u00f2miques, assessorament comercial i la col\u00b7laboraci\u00f3 amb altres entitats socials, culturals i les escoles del barri.<\/p>\n\n\n\n<p>Si tens un establiment comercial, de restauraci\u00f3 o de serveis, som el teu eix comercial. Informa\u2019t de com pots formar part del teixit comercial actiu del teu barri. Contacta amb nosaltres: <a href=\"https:\/\/noueixample.cat\/index.php\/contacte-2\/\">https:\/\/noueixample.cat\/index.php\/contacte-2\/<\/a><\/p>\n\n\n\n<p>Compartim un objectiu com\u00fa: implicar al comer\u00e7 i al barri en les campanyes promocionals del comer\u00e7 de proximitat, mitjan\u00e7ant activitats culturals, fires al carrer, etc., per tal de donar a con\u00e8ixer tota l\u2019oferta de productes i serveis que es poden trobar al costat de casa.<\/p>\n\n\n\n<p>La informaci\u00f3 de les activitats que duem a terme al llarg de l\u2019any, les pots trobar consultar aqu\u00ed: <a href=\"https:\/\/noueixample.cat\/index.php\/category\/agenda-activitats\/\">https:\/\/noueixample.cat\/index.php\/category\/agenda-activitats\/<\/a><\/p>\n\n\n\n<p><\/p>\n","protected":false},"excerpt":{"rendered":"<p>L\u2019Eix Comercial Nou Eixample neix de la uni\u00f3 de diferents associacions de comerciants i professionals, que treballen per impulsar el comer\u00e7 al nostre barri, amb l\u2019objectiu de dinamitzar i promocionar l\u2019activitat comercial. Tots els comer\u00e7os que formen part de l\u2019Eix Comercial, ofereixen una oferta comercial atractiva, a part de l\u2019experi\u00e8ncia i la seva professionalitat. Des &hellip; <\/p>\n<p class=\"link-more\"><a href=\"https:\/\/noueixample.cat\/index.php\/sample-page\/\" class=\"more-link\">Continuar leyendo<span class=\"screen-reader-text\"> \u00abInici\u00bb<\/span><\/a><\/p>\n","protected":false},"author":2,"featured_media":29,"parent":0,"menu_order":0,"comment_status":"closed","ping_status":"open","template":"","meta":{"footnotes":""},"class_list":["post-2","page","type-page","status-publish","has-post-thumbnail","hentry"],"_links":{"self":[{"href":"https:\/\/noueixample.cat\/index.php\/wp-json\/wp\/v2\/pages\/2","targetHints":{"allow":["GET"]}}],"collection":[{"href":"https:\/\/noueixample.cat\/index.php\/wp-json\/wp\/v2\/pages"}],"about":[{"href":"https:\/\/noueixample.cat\/index.php\/wp-json\/wp\/v2\/types\/page"}],"author":[{"embeddable":true,"href":"https:\/\/noueixample.cat\/index.php\/wp-json\/wp\/v2\/users\/2"}],"replies":[{"embeddable":true,"href":"https:\/\/noueixample.cat\/index.php\/wp-json\/wp\/v2\/comments?post=2"}],"version-history":[{"count":2,"href":"https:\/\/noueixample.cat\/index.php\/wp-json\/wp\/v2\/pages\/2\/revisions"}],"predecessor-version":[{"id":677,"href":"https:\/\/noueixample.cat\/index.php\/wp-json\/wp\/v2\/pages\/2\/revisions\/677"}],"wp:featuredmedia":[{"embeddable":true,"href":"https:\/\/noueixample.cat\/index.php\/wp-json\/wp\/v2\/media\/29"}],"wp:attachment":[{"href":"https:\/\/noueixample.cat\/index.php\/wp-json\/wp\/v2\/media?parent=2"}],"curies":[{"name":"wp","href":"https:\/\/api.w.org\/{rel}","templated":true}]}}